{"id":49,"date":"2017-03-14T23:18:42","date_gmt":"2017-03-14T20:18:42","guid":{"rendered":"http:\/\/www.amc.fi\/?page_id=49"},"modified":"2024-10-02T13:04:49","modified_gmt":"2024-10-02T10:04:49","slug":"ajankohtaista","status":"publish","type":"page","link":"https:\/\/www.amc.fi\/?page_id=49","title":{"rendered":"Vanhat ajankohtaiset tiedotteet"},"content":{"rendered":"<p><a href=\"https:\/\/www.amc.fi\/wp-content\/uploads\/2023\/02\/AMC_RY_vuosikokouskutsu2023_18.3.2023.jpg\" target=\"_blank\" rel=\"noopener\">Vuoden 2023 vuosikokous j\u00e4rjestet\u00e4\u00e4n LA 18.3.2023 klo: 13:30 Tampereella. Kokouspaikkana toimii Maliken toimisto, matkaa Tampereen juna-asemalta kokoustilaan on 550 metri\u00e4. Osoite: Sumeliuksenkatu 18, 33100 Tampere. Tila on esteet\u00f6n ja siell\u00e4 on kaksi esteet\u00f6nt\u00e4 wc:t\u00e4. Yhdistys tarjoaa kokouskahvit.<\/a><\/p>\n<p><a href=\"https:\/\/www.amc.fi\/wp-content\/uploads\/2023\/02\/AMC_RY_vuosikokouskutsu2023_18.3.2023.jpg\" target=\"_blank\" rel=\"noopener\"><strong>Ennakkoilmoittautuminen viimeist\u00e4\u00e4n LA 11.3.2023 menness\u00e4.<\/strong><\/a><\/p>\n<p><strong>Linkkej\u00e4 ohessa:<\/strong><\/p>\n<ul>\n<li><span style=\"text-decoration: underline;\"><a href=\"https:\/\/www.amc.fi\/wp-content\/uploads\/2023\/02\/AMC_RY_vuosikokouskutsu2023_18.3.2023.jpg\" target=\"_blank\" rel=\"noopener\"><strong>Vuosikokouskutsu 2023 ja ohjeet ilmoittautumiseen!<\/strong><\/a><\/span><\/li>\n<li><span style=\"text-decoration: underline;\"><strong><a href=\"https:\/\/www.amc.fi\/wp-content\/uploads\/2023\/03\/AMC_RY_vuosikokous2023esityslista_18.3.2022.jpg\" target=\"_blank\" rel=\"noopener\">Esityslista vuosikokoukselle 2023!<\/a><\/strong><\/span><\/li>\n<\/ul>\n<hr>\n<p><strong>AMC el\u00e4m\u00e4nmittaisena kumppanina -hybridiseminaari LA 12.11.2022 klo 11.00-16.00, jonka j\u00e4lkeen AMC Ry:n pikkuloulut Invalidiliiton toimitalossa klo 16.00-20.30 (Ohjelmassa esteet\u00f6nt\u00e4 saunomista, pient\u00e4 suolaista purtavaa &amp; alkoholittomia juomia ja yhdess\u00e4 oloa. Otathan mukaan omat saunavarusteet.)<\/strong><\/p>\n<p><strong>Lis\u00e4tietoa tapahtumasta: <\/strong><\/p>\n<p><strong><a href=\"https:\/\/www.invalidiliitto.fi\/tapahtumat\/amc-elamanmittaisena-kumppanina-hybridiseminaari\">https:\/\/www.invalidiliitto.fi\/tapahtumat\/amc-elamanmittaisena-kumppanina-hybridiseminaari<\/a><\/strong><\/p>\n<p><strong>Ilmoittaudu tapahtumaan alla olevan linkin kautta viimeist\u00e4\u00e4n KE 2.11.2022:<\/strong><\/p>\n<p><strong> <a href=\"https:\/\/link.webropolsurveys.com\/Participation\/Public\/5ee77e10-af25-450c-bb09-372e82dec8dd?displayId=Fin2637486\">https:\/\/link.webropolsurveys.com\/Participation\/Public\/5ee77e10-af25-450c-bb09-372e82dec8dd?displayId=Fin2637486<\/a><\/strong><\/p>\n<hr>\n<p>Sunnuntaina 22.5.2022. kello 15 kev\u00e4tkokous Tampereella, Luminaryn alaovella (Itsen\u00e4isyydenkatu 3) teit\u00e4 vastassa ollaan kello 14.30 alkaen. Tila on valoisa, viihtyis\u00e4 ja kaikin puolin esteet\u00f6n. Lapsille kannattaa varata omaa tekemist\u00e4 mukaan.<\/p>\n<hr>\n<p><a href=\"https:\/\/www.amc.fi\/wp-content\/uploads\/2021\/11\/amc_kaikkienaikojentapaaminen2021.jpg\" rel=\"nofollow noopener\"><strong>Kaikkien aikojen AMC-tapaaminen, <\/strong><strong>Sunnuntaina 21.11.2021 kello 12\u201319 <\/strong><strong>Ideaparkissa (os. Ideaparkinkatu 4, Lemp\u00e4\u00e4l\u00e4). <\/strong><\/a><a href=\"https:\/\/www.amc.fi\/wp-content\/uploads\/2021\/11\/amc_kaikkienaikojentapaaminen2021.jpg\" rel=\"nofollow noopener\"><strong>Klikkaa t\u00e4st\u00e4 p\u00e4\u00e4st\u00e4ksesi tarkempiin tietoihin tapahtumasta!<\/strong><\/a><\/p>\n<hr>\n<p><strong><a href=\"..\/?dl_id=21\" target=\"_blank\" rel=\"noopener\">Tuleva tapaaminen Yl\u00f6j\u00e4rvell\u00e4 19.-21.10.2018:<\/a><\/strong><\/p>\n<p><strong><a href=\"..\/?dl_id=21\" target=\"_blank\" rel=\"noopener\">Tapahtuman lis\u00e4tietoihin p\u00e4\u00e4set klikkaamalla T\u00c4ST\u00c4 (tiedosto on pdf-muodossa ja sis\u00e4lt\u00e4\u00e4 infopaketin tapahtumasta, sek\u00e4 ohjelma-aikataulun).<\/a><\/strong><\/p>\n<hr>\n<p>Lasten Sopeutumisvalmennuskurssit 2018!<\/p>\n<p>Kela tarjoaa kaksi sopeutumisvalmennuskurssia amc:t\u00e4 sairastavien lasten perheille! Ne ovat samaan aikaa 28.5-1.6.2018 toinen Verve Lahdessa (entinen Validia kuntoutus), toinen Rokuan Kuntoutus Oy, (l\u00e4hell\u00e4 Oulua).<\/p>\n<p>L\u00f6ytyy Kelan sivuilta kurssikoodeilla:<br \/>\n72290 (lahti)<br \/>\n72284 (rokua)<\/p>\n<p>Sopeutumisvalmennuskursseille kannattaa ehdottomasti hakea! Kursseille voi hakea vaikka olisi aiemmin osallistunutkin, muistaa vain perustella hyvin miksi hakee uudelleen!<\/p>\n<p>Tarvitset hoitavalta l\u00e4\u00e4k\u00e4rilt\u00e4 suosituksen. Sen saa vaikka puhelinsoitolla hoitavalta l\u00e4\u00e4k\u00e4rilt\u00e4! Suositus voi olla B-lausunto, kuntoutussuunnitelma tai vapaa muotoinen. Huom, kuntoutussuunnitelmassa se saatetaan jo osalla mainita, jolloin ei tarvita uutta lausuntoa.<\/p>\n<p>Kela maksaa 5vrk laitosmuotoisen kuntoutuksen sairaalle\/vammaiselle lapselle ja h\u00e4nen perheelleen. Matkakulut kartuttavat kelan 300e matkaomavastuuta ja jos se t\u00e4yttyy tai on jo t\u00e4ynn\u00e4 kulut voi hakea kelasta normaalisti matkakorvauksina.<\/p>\n<p>Autan mielell\u00e4ni hakemuksessa ja vastaan mielell\u00e4ni lis\u00e4kysymyksiin s\u00e4hk\u00f6postilla osoitteessa vertaistuki@amc.fi tai amc ry:n facebook sivulla.<\/p>\n<p>Vertaistukivastaava AMC ry \/ Salla Korkki<br \/>\nvertaistuki@amc.fi<\/p>\n<hr>\n<p>23.5.2018: EU:ssa 25.5.2018 voimaanastuvan GDPR s\u00e4\u00e4d\u00f6ksen mukainen tietosuoja- ja rekisteriseloste luettavissa nyt internetiss\u00e4 oheisesta linkist\u00e4: <a href=\"https:\/\/www.amc.fi\/?page_id=231\">https:\/\/www.amc.fi\/?page_id=231<\/a><\/p>\n<p>Katsomme, ett\u00e4 hyv\u00e4ksyt tietosuoja- ja rekisterik\u00e4yt\u00e4nt\u00f6mme automaattisesti, jos jatkat j\u00e4senyytt\u00e4si. Tiedote t\u00e4st\u00e4 informaatiosta on l\u00e4hetetty my\u00f6s s\u00e4hk\u00f6postitse kaikille j\u00e4senillemme.<\/p>\n<hr>\n<p>Kuulumisia Apuv\u00e4linemessuilta Tampereelta marraskuulta 2017 (Videoklippi):<\/p>\n<p><iframe loading=\"lazy\" title=\"Expomark-Apuv\u00e4linemessut-SallaKorkki-20171031\" src=\"https:\/\/player.vimeo.com\/video\/240470018?h=b78ecaf6f0&amp;dnt=1&amp;app_id=122963\" width=\"960\" height=\"540\" frameborder=\"0\" allow=\"autoplay; fullscreen; picture-in-picture; clipboard-write\"><\/iframe><\/p>\n<hr>\n<ul>\n<li>17.3.2018, klo: 14.00: AMC ry:n s\u00e4\u00e4nt\u00f6m\u00e4\u00e4r\u00e4inen vuosikokous Tampereella, ASPA-s\u00e4\u00e4ti\u00f6n tiloissa osoitteessa: Kalevantie 7, 33100 Tampere.<\/li>\n<li>22.9.2017, klo: 18.00 &#8211; 24.9.2017, klo: 15.00: AMC Ry:n j\u00e4rjest\u00e4m\u00e4&nbsp;Vaikuttajana sotessa ja somessa -koulutus Loma- ja Kurssikeskus Koivupuistossa (Pet\u00e4j\u00e4ntie 137, 33480 Yl\u00f6j\u00e4rvi). Samalla j\u00e4rjestet\u00e4\u00e4n AMC Ry:n ylim\u00e4\u00e4r\u00e4inen syyskokous. Lis\u00e4\u00e4 tietoa tapahtumasta t\u00e4ll\u00e4 sivulla.<\/li>\n<li>10.6.2017: AMC Ry:n uusien nettisivujen ensimm\u00e4inen vaihe valmis<\/li>\n<\/ul>\n<p>Tuleva tapaaminen Yl\u00f6j\u00e4rvell\u00e4 22.-24.9.2017 (ilmoittautumisohjeet ohessa):<\/p>\n<p>AMC ry haki kev\u00e4\u00e4ll\u00e4 Invalidiliitolta hankeavustusta vaikuttamistoimintaan ja oikeuksienvalvontaan. Saimme kuin saimmekin 2500 euroa vaikuttajaviikonlopun j\u00e4rjest\u00e4miseksi!<\/p>\n<p>Nyt kutsumme Sinut Amc-henkil\u00f6 ja\/tai Amc-henkil\u00f6n l\u00e4heinen<br \/>\n(my\u00f6s yhdistykseen kuulumattomat ovat tervetulleita):<\/p>\n<p>Vaikuttajana sotessa ja somessa -koulutukseen<br \/>\n22.\u201324.9.2017 Kurssikeskus Koivupuistoon Yl\u00f6j\u00e4rvelle<\/p>\n<p>Koulutuksen tavoitteena on vahvistaa AMC-yhdistyksen vaikuttajien verkostoa sek\u00e4 valmiuksia vastata nykyisten ja tulevien Amc-perheiden ja -henkil\u00f6iden tiedonsaanti-, oikeuksienvalvonta- ja vertaistukitarpeisiin. Koulutuksessa pohditaan, miten ja mill\u00e4 kentill\u00e4 yhdistyksemme tulisi jatkossa vaikuttaa. Koulutus sis\u00e4lt\u00e4\u00e4 luentoja ja ryhm\u00e4ty\u00f6skentely\u00e4 rennossa hengess\u00e4. Lis\u00e4ksi luomme yhdess\u00e4 suunnitelman puheista tekoihin!<\/p>\n<p>Koulutus alkaa perjantai-iltana ja p\u00e4\u00e4ttyy sunnuntaina iltap\u00e4iv\u00e4kahviin. Ohjelma ja k\u00e4yt\u00e4nn\u00f6n asiat (kuten matkakulujen korvaaminen jne.) tarkentuvat l\u00e4hiaikoina.<\/p>\n<p>Ilmoittaudu viimeist\u00e4\u00e4n 1.9.2017 menness\u00e4 s\u00e4hk\u00f6postitse: milla.ilonen@gmail.com<br \/>\nKerro nimesi, yhteystietosi, mahdolliset allergiasi ja erityistarpeesi ja otatko mukaan henkil\u00f6kohtaisen avustajan.<\/p>\n<p>Omavastuu 50 euroa \/ henkil\u00f6. Majoitus kurssikeskuksessa t\u00e4ysihoidolla. (Henkil\u00f6kohtainen avustaja maksutta).<\/p>\n<p>Seuraa tiedottelua ja l\u00e4hde mukaan!<\/p>\n<p>AMC-Arthrogryposis ry:n ylim\u00e4\u00e4r\u00e4inen syyskokous<br \/>\n23.9.2017 kello 16\u201318, Koivupuisto, Pet\u00e4j\u00e4ntie 137, 33480 Yl\u00f6j\u00e4rvi<br \/>\nESITYSLISTA<br \/>\n1\u00a7 Kokouksen avaus<br \/>\n2\u00a7 Kokouksen j\u00e4rjest\u00e4ytyminen<br \/>\n&#8211; valitaan kokoukselle puheenjohtaja<br \/>\n&#8211; valitaan kokoukselle sihteeri<br \/>\n&#8211; valitaan kaksi \u00e4\u00e4ntenlaskijaa ja p\u00f6yt\u00e4kirjantarkastajaa<br \/>\n3\u00a7 Kokouksen laillisuuden ja p\u00e4\u00e4t\u00f6svaltaisuuden toteaminen<br \/>\n4\u00a7 Esityslistan hyv\u00e4ksyminen<br \/>\n5\u00a7 AMC ry:n s\u00e4\u00e4nt\u00f6uudistus<br \/>\n6\u00a7 Muut asiat<br \/>\n&#8211; valitaan AMC-yhdistykselle logo<br \/>\n&#8211; suunnitellaan tulevan vuoden toimintaa<br \/>\n7\u00a7 Kokouksen p\u00e4\u00e4tt\u00e4minen<\/p>\n<p>Yhteisty\u00f6t\u00e4 viritt\u00e4vin terveisin,<br \/>\nAMC ry:n hallitus<\/p>\n<p>Tapaaminen Nastolassa 16.-18.9.2016:<\/p>\n<p>Siit\u00e4 olikin pitk\u00e4 aika kun edellisen kerran amc- perheet ja henkil\u00f6t ovat tavanneet joten odotus tapaamiselle oli v\u00e4hint\u00e4\u00e4nkin j\u00e4nnitt\u00e4v\u00e4\u00e4. Toisille tapaaminen oli uusi kokemus, monelle j\u00e4lleentapaamisia. Jotkut olivat tutustuneet sopeutumisvalmennuskursseilla jo aiemmin.<\/p>\n<p>Perjantaina majoituimme kukin ajallaan ja illan aikana osa ehti jo hiukan tutustua toistensa kanssa ja vaihtaa kuulumisia. Lauantaina lapset erotettiin aikuisista mahdollisuuksien mukaan, perhetilanteet huomioiden ja molemmilla oli omat ohjelmansa. Oli todella mukavaa irtautua arjesta vaikka v\u00e4lill\u00e4 oltiinkin hetki pois mukavuusalueelta. Iltaa vietettiin yhteistilassa rupatellen, kukin siirtyi nukkumaan oman tarpeensa mukaan. Tuntui ett\u00e4 pitk\u00e4 odotus oli palkittu!<\/p>\n<p>Sunnuntaina lapset my\u00f6s oli hoidossa. T\u00e4ll\u00f6in aikuiset puhalsivat amc ry:t\u00e4 uudelleen eloon, jee! Mukana oli yhdistyksen perustamisajalta henkil\u00f6it\u00e4 joilta sai tukea ja kokemuksia, my\u00f6s pohjoismaiden yhteisty\u00f6 mainittiin.<\/p>\n<p>Tapaamisen teema oli ehdottomasti VERTAISTUKI sek\u00e4 JATKUVUUS unohtamatta YHTEIS\u00d6LLISYYTT\u00c4 !!!<\/p>\n","protected":false},"excerpt":{"rendered":"<p>Vuoden 2023 vuosikokous j\u00e4rjestet\u00e4\u00e4n LA 18.3.2023 klo: 13:30 Tampereella. Kokouspaikkana toimii Maliken toimisto, matkaa Tampereen juna-asemalta kokoustilaan on 550 metri\u00e4. Osoite: Sumeliuksenkatu 18, 33100 Tampere. Tila on esteet\u00f6n ja siell\u00e4 on kaksi esteet\u00f6nt\u00e4 wc:t\u00e4. Yhdistys tarjoaa kokouskahvit. Ennakkoilmoittautuminen viimeist\u00e4\u00e4n LA 11.3.2023 menness\u00e4. Linkkej\u00e4 ohessa: Vuosikokouskutsu 2023 ja ohjeet ilmoittautumiseen! Esityslista vuosikokoukselle 2023! AMC el\u00e4m\u00e4nmittaisena kumppanina -hybridiseminaari LA 12.11.2022 klo 11.00-16.00, jonka j\u00e4lkeen AMC Ry:n pikkuloulut Invalidiliiton toimitalossa klo 16.00-20.30 (Ohjelmassa esteet\u00f6nt\u00e4 saunomista, pient\u00e4 suolaista purtavaa &amp; alkoholittomia juomia ja yhdess\u00e4 oloa. Otathan mukaan omat saunavarusteet.) Lis\u00e4tietoa tapahtumasta: https:\/\/www.invalidiliitto.fi\/tapahtumat\/amc-elamanmittaisena-kumppanina-hybridiseminaari Ilmoittaudu tapahtumaan alla olevan linkin kautta viimeist\u00e4\u00e4n KE 2.11.2022: https:\/\/link.webropolsurveys.com\/Participation\/Public\/5ee77e10-af25-450c-bb09-372e82dec8dd?displayId=Fin2637486 Sunnuntaina 22.5.2022. kello 15 kev\u00e4tkokous Tampereella, Luminaryn alaovella (Itsen\u00e4isyydenkatu 3) teit\u00e4 vastassa ollaan kello 14.30 alkaen. Tila on valoisa, viihtyis\u00e4 ja kaikin puolin esteet\u00f6n. Lapsille kannattaa varata omaa tekemist\u00e4 mukaan. Kaikkien aikojen AMC-tapaaminen, Sunnuntaina 21.11.2021 kello 12\u201319 Ideaparkissa (os. Ideaparkinkatu 4, Lemp\u00e4\u00e4l\u00e4). Klikkaa t\u00e4st\u00e4 p\u00e4\u00e4st\u00e4ksesi tarkempiin tietoihin tapahtumasta! Tuleva tapaaminen Yl\u00f6j\u00e4rvell\u00e4 19.-21.10.2018: Tapahtuman lis\u00e4tietoihin p\u00e4\u00e4set klikkaamalla T\u00c4ST\u00c4 (tiedosto on pdf-muodossa ja sis\u00e4lt\u00e4\u00e4 infopaketin tapahtumasta, sek\u00e4 ohjelma-aikataulun). Lasten Sopeutumisvalmennuskurssit 2018! Kela tarjoaa kaksi sopeutumisvalmennuskurssia amc:t\u00e4 sairastavien lasten perheille! Ne ovat samaan aikaa 28.5-1.6.2018 toinen Verve Lahdessa (entinen Validia kuntoutus), toinen Rokuan Kuntoutus Oy, (l\u00e4hell\u00e4 Oulua). L\u00f6ytyy Kelan sivuilta kurssikoodeilla: 72290 (lahti) 72284 (rokua) Sopeutumisvalmennuskursseille kannattaa ehdottomasti hakea! Kursseille voi hakea vaikka olisi aiemmin osallistunutkin, muistaa vain perustella hyvin miksi hakee uudelleen! Tarvitset hoitavalta l\u00e4\u00e4k\u00e4rilt\u00e4 suosituksen. Sen saa vaikka puhelinsoitolla hoitavalta l\u00e4\u00e4k\u00e4rilt\u00e4! Suositus voi olla B-lausunto, kuntoutussuunnitelma tai vapaa muotoinen. Huom, kuntoutussuunnitelmassa se saatetaan jo osalla mainita, jolloin ei tarvita uutta lausuntoa. Kela maksaa 5vrk laitosmuotoisen kuntoutuksen sairaalle\/vammaiselle lapselle ja h\u00e4nen perheelleen. Matkakulut kartuttavat kelan 300e matkaomavastuuta ja jos se t\u00e4yttyy tai on jo t\u00e4ynn\u00e4 kulut voi hakea kelasta normaalisti matkakorvauksina. Autan mielell\u00e4ni hakemuksessa ja vastaan mielell\u00e4ni lis\u00e4kysymyksiin s\u00e4hk\u00f6postilla osoitteessa vertaistuki@amc.fi tai amc ry:n facebook sivulla. Vertaistukivastaava AMC ry \/ Salla Korkki vertaistuki@amc.fi 23.5.2018: EU:ssa 25.5.2018 voimaanastuvan GDPR s\u00e4\u00e4d\u00f6ksen mukainen tietosuoja- ja rekisteriseloste luettavissa nyt internetiss\u00e4 oheisesta linkist\u00e4: https:\/\/www.amc.fi\/?page_id=231 Katsomme, ett\u00e4 hyv\u00e4ksyt tietosuoja- ja rekisterik\u00e4yt\u00e4nt\u00f6mme automaattisesti, jos jatkat j\u00e4senyytt\u00e4si. Tiedote t\u00e4st\u00e4 informaatiosta on l\u00e4hetetty my\u00f6s s\u00e4hk\u00f6postitse kaikille j\u00e4senillemme. Kuulumisia Apuv\u00e4linemessuilta Tampereelta marraskuulta 2017 (Videoklippi): 17.3.2018, klo: 14.00: AMC ry:n s\u00e4\u00e4nt\u00f6m\u00e4\u00e4r\u00e4inen vuosikokous Tampereella, ASPA-s\u00e4\u00e4ti\u00f6n tiloissa osoitteessa: Kalevantie 7, 33100 Tampere. 22.9.2017, klo: 18.00 &#8211; 24.9.2017, klo: 15.00: AMC Ry:n j\u00e4rjest\u00e4m\u00e4&nbsp;Vaikuttajana sotessa ja somessa -koulutus Loma- ja Kurssikeskus Koivupuistossa (Pet\u00e4j\u00e4ntie 137, 33480 Yl\u00f6j\u00e4rvi). Samalla j\u00e4rjestet\u00e4\u00e4n AMC Ry:n ylim\u00e4\u00e4r\u00e4inen syyskokous. Lis\u00e4\u00e4 tietoa tapahtumasta t\u00e4ll\u00e4 sivulla. 10.6.2017: AMC Ry:n uusien nettisivujen ensimm\u00e4inen vaihe valmis Tuleva tapaaminen Yl\u00f6j\u00e4rvell\u00e4 22.-24.9.2017 (ilmoittautumisohjeet ohessa): AMC ry haki kev\u00e4\u00e4ll\u00e4 Invalidiliitolta hankeavustusta vaikuttamistoimintaan ja oikeuksienvalvontaan. Saimme kuin saimmekin 2500 euroa vaikuttajaviikonlopun j\u00e4rjest\u00e4miseksi! Nyt kutsumme Sinut Amc-henkil\u00f6 ja\/tai Amc-henkil\u00f6n l\u00e4heinen (my\u00f6s yhdistykseen kuulumattomat ovat tervetulleita): Vaikuttajana sotessa ja somessa -koulutukseen 22.\u201324.9.2017 Kurssikeskus Koivupuistoon Yl\u00f6j\u00e4rvelle Koulutuksen tavoitteena on vahvistaa AMC-yhdistyksen vaikuttajien verkostoa sek\u00e4 valmiuksia vastata nykyisten ja tulevien Amc-perheiden ja -henkil\u00f6iden tiedonsaanti-, oikeuksienvalvonta- ja vertaistukitarpeisiin. Koulutuksessa pohditaan, miten ja mill\u00e4 kentill\u00e4 yhdistyksemme tulisi jatkossa vaikuttaa. Koulutus sis\u00e4lt\u00e4\u00e4 luentoja ja ryhm\u00e4ty\u00f6skentely\u00e4 rennossa hengess\u00e4. Lis\u00e4ksi luomme yhdess\u00e4 suunnitelman puheista tekoihin! Koulutus alkaa perjantai-iltana ja p\u00e4\u00e4ttyy sunnuntaina iltap\u00e4iv\u00e4kahviin. Ohjelma ja k\u00e4yt\u00e4nn\u00f6n asiat (kuten matkakulujen korvaaminen jne.) tarkentuvat l\u00e4hiaikoina. Ilmoittaudu viimeist\u00e4\u00e4n 1.9.2017 menness\u00e4 s\u00e4hk\u00f6postitse: milla.ilonen@gmail.com Kerro nimesi, yhteystietosi, mahdolliset allergiasi ja erityistarpeesi ja otatko mukaan henkil\u00f6kohtaisen avustajan. Omavastuu 50 euroa \/ henkil\u00f6. Majoitus kurssikeskuksessa t\u00e4ysihoidolla. (Henkil\u00f6kohtainen avustaja maksutta). Seuraa tiedottelua ja l\u00e4hde mukaan! AMC-Arthrogryposis ry:n ylim\u00e4\u00e4r\u00e4inen syyskokous 23.9.2017 kello 16\u201318, Koivupuisto, Pet\u00e4j\u00e4ntie 137, 33480 Yl\u00f6j\u00e4rvi ESITYSLISTA 1\u00a7 Kokouksen avaus 2\u00a7 Kokouksen j\u00e4rjest\u00e4ytyminen &#8211; valitaan kokoukselle puheenjohtaja &#8211; valitaan kokoukselle sihteeri &#8211; valitaan kaksi \u00e4\u00e4ntenlaskijaa ja p\u00f6yt\u00e4kirjantarkastajaa 3\u00a7 Kokouksen laillisuuden ja p\u00e4\u00e4t\u00f6svaltaisuuden toteaminen 4\u00a7 Esityslistan hyv\u00e4ksyminen 5\u00a7 AMC ry:n s\u00e4\u00e4nt\u00f6uudistus 6\u00a7 Muut asiat &#8211; valitaan AMC-yhdistykselle logo &#8211; suunnitellaan tulevan vuoden toimintaa 7\u00a7 Kokouksen p\u00e4\u00e4tt\u00e4minen Yhteisty\u00f6t\u00e4 viritt\u00e4vin terveisin, AMC ry:n hallitus Tapaaminen Nastolassa 16.-18.9.2016: Siit\u00e4 olikin pitk\u00e4 aika kun edellisen kerran amc- perheet ja henkil\u00f6t ovat tavanneet joten odotus tapaamiselle oli v\u00e4hint\u00e4\u00e4nkin j\u00e4nnitt\u00e4v\u00e4\u00e4. Toisille tapaaminen oli uusi kokemus, monelle j\u00e4lleentapaamisia. Jotkut olivat tutustuneet sopeutumisvalmennuskursseilla jo aiemmin. Perjantaina majoituimme kukin ajallaan ja illan aikana osa ehti jo hiukan tutustua toistensa kanssa ja vaihtaa kuulumisia. Lauantaina lapset erotettiin aikuisista mahdollisuuksien mukaan, perhetilanteet huomioiden ja molemmilla oli omat ohjelmansa. Oli todella mukavaa irtautua arjesta vaikka v\u00e4lill\u00e4 oltiinkin hetki pois mukavuusalueelta. Iltaa vietettiin yhteistilassa rupatellen, kukin siirtyi nukkumaan oman tarpeensa mukaan. Tuntui ett\u00e4 pitk\u00e4 odotus oli palkittu! Sunnuntaina lapset my\u00f6s oli hoidossa. T\u00e4ll\u00f6in aikuiset puhalsivat amc ry:t\u00e4 uudelleen eloon, jee! Mukana oli yhdistyksen perustamisajalta henkil\u00f6it\u00e4 joilta sai tukea ja kokemuksia, my\u00f6s pohjoismaiden yhteisty\u00f6 mainittiin. Tapaamisen teema oli ehdottomasti VERTAISTUKI sek\u00e4 JATKUVUUS unohtamatta YHTEIS\u00d6LLISYYTT\u00c4 !!!<\/p>\n","protected":false},"author":1,"featured_media":0,"parent":0,"menu_order":3,"comment_status":"closed","ping_status":"closed","template":"","meta":{"ngg_post_thumbnail":0,"footnotes":""},"class_list":["post-49","page","type-page","status-publish","hentry"],"_links":{"self":[{"href":"https:\/\/www.amc.fi\/index.php?rest_route=\/wp\/v2\/pages\/49","targetHints":{"allow":["GET"]}}],"collection":[{"href":"https:\/\/www.amc.fi\/index.php?rest_route=\/wp\/v2\/pages"}],"about":[{"href":"https:\/\/www.amc.fi\/index.php?rest_route=\/wp\/v2\/types\/page"}],"author":[{"embeddable":true,"href":"https:\/\/www.amc.fi\/index.php?rest_route=\/wp\/v2\/users\/1"}],"replies":[{"embeddable":true,"href":"https:\/\/www.amc.fi\/index.php?rest_route=%2Fwp%2Fv2%2Fcomments&post=49"}],"version-history":[{"count":57,"href":"https:\/\/www.amc.fi\/index.php?rest_route=\/wp\/v2\/pages\/49\/revisions"}],"predecessor-version":[{"id":646,"href":"https:\/\/www.amc.fi\/index.php?rest_route=\/wp\/v2\/pages\/49\/revisions\/646"}],"wp:attachment":[{"href":"https:\/\/www.amc.fi\/index.php?rest_route=%2Fwp%2Fv2%2Fmedia&parent=49"}],"curies":[{"name":"wp","href":"https:\/\/api.w.org\/{rel}","templated":true}]}}